{"id":38412,"date":"2021-05-24T09:38:10","date_gmt":"2021-05-24T06:38:10","guid":{"rendered":"https:\/\/avicennaint.com\/?post_type=profile&#038;p=38412"},"modified":"2026-04-28T10:19:21","modified_gmt":"2026-04-28T07:19:21","slug":"alper-daskin","status":"publish","type":"profile","link":"https:\/\/avicennaint.com\/en\/doctor\/alper-daskin\/","title":{"rendered":"M.D. Alper Daskin"},"content":{"rendered":"<div id=\"cmsmasters_row_ou0dijw3ee\" class=\"cmsmasters_row cmsmasters_color_scheme_default cmsmasters_row_top_default cmsmasters_row_bot_default cmsmasters_row_boxed\">\n<div class=\"cmsmasters_row_outer_parent\">\n<div class=\"cmsmasters_row_outer\">\n<div class=\"cmsmasters_row_inner\">\n<div class=\"cmsmasters_row_margin\">\n<div id=\"cmsmasters_column_w2i73w9pco\" class=\"cmsmasters_column one_first\">\n<div class=\"cmsmasters_column_inner\"><div class=\"aligncenter\"><div class=\"cmsmasters_img  cmsmasters_image_c\"><img decoding=\"async\" src=\"https:\/\/avicennaint.com\/wp-content\/uploads\/2020\/01\/alper-daskin-m.webp\" alt=\"Uzman Doktor Alper Da\u015fk\u0131n\" \/><\/div><\/div>\n<\/div><\/div>\n<\/div>\n<\/div>\n<\/div>\n<\/div>\n<\/div>\n<div id=\"cmsmasters_row_kag6makqtd\" class=\"cmsmasters_row cmsmasters_color_scheme_default cmsmasters_row_top_default cmsmasters_row_bot_default cmsmasters_row_boxed\">\n<div class=\"cmsmasters_row_outer_parent\">\n<div class=\"cmsmasters_row_outer\">\n<div class=\"cmsmasters_row_inner\">\n<div class=\"cmsmasters_row_margin\">\n<div id=\"cmsmasters_column_tci9cgd1i\" class=\"cmsmasters_column one_first\">\n<div class=\"cmsmasters_column_inner\"><div class=\"cmsmasters_text\">\n<h2 class=\"wp-block-heading\" id=\"h-biography\">BIOGRAPHY<\/h2>\n<p id=\"h-he-was-born-in-ankara-polatl-in-1980-between-1998-and-2004-he-completed-his-education-at-istanbul-capa-faculty-of-medicine-he-started-his-specialization-in-istanbul-haydarpa-a-numune-hospital-internal-medicine-clinic-in-2005-between-2010-and-2012-he-did-his-compulsory-service-at-mu-central-state-hospital-in-2012-he-switched-to-the-private-sector-and-started-to-work-in-private-akmak-erdem-hospital-internal-medicine-clinic-and-ata-ehir-avicenna-hospital-since-2014-he-has-been-working-only-in-ata-ehir-avicenna-hospital-internal-medicine-department\">He was born in Ankara Polatl\u0131 in 1980. Between 1998 and 2004, he completed his education at Istanbul Capa Faculty of Medicine. He started his specialization in Istanbul Haydarpa\u015fa Numune Hospital Internal Medicine Clinic in 2005. Between 2010 and 2012, He did his compulsory service at Mu\u015f Central State Hospital. In 2012, he switched to the private sector and started to work in Private \u00c7akmak Erdem Hospital Internal Medicine Clinic and Ata\u015fehir Avicenna Hospital. Since 2014, He has been working only in Ata\u015fehir Avicenna Hospital Internal Medicine Department.<\/p>\n<\/p>\n<\/div>\n<\/div><\/div>\n<\/div>\n<\/div>\n<\/div>\n<\/div>\n<\/div>\n<div id=\"cmsmasters_row_9128ykl1j\" class=\"cmsmasters_row cmsmasters_color_scheme_default cmsmasters_row_top_default cmsmasters_row_bot_default cmsmasters_row_boxed\">\n<div class=\"cmsmasters_row_outer_parent\">\n<div class=\"cmsmasters_row_outer\">\n<div class=\"cmsmasters_row_inner\">\n<div class=\"cmsmasters_row_margin\">\n<div id=\"cmsmasters_column_02stu1scm\" class=\"cmsmasters_column one_first\">\n<div class=\"cmsmasters_column_inner\"><div class=\"cmsmasters_toggles toggles_mode_accordion\">\n<div class=\"cmsmasters_toggle_wrap\" data-tags=\"all \">\n<div class=\"cmsmasters_toggle_title\">\n<span class=\"cmsmasters_toggle_plus\">\n<span class=\"cmsmasters_toggle_plus_hor\"><\/span>\n<span class=\"cmsmasters_toggle_plus_vert\"><\/span>\n<\/span>\n<a href=\"#\">Conditions Treated<\/a>\n<\/div>\n<div class=\"cmsmasters_toggle\">\n<div class=\"cmsmasters_toggle_inner\">\n<ul id=\"block-e0969d99-dd7b-4cc5-ab67-acf9fc9bb0e5\" class=\"block-editor-rich-text__editable block-editor-block-list__block wp-block is-selected rich-text\" role=\"group\" aria-label=\"Blok: Liste\" data-block=\"e0969d99-dd7b-4cc5-ab67-acf9fc9bb0e5\" data-type=\"core\/list\" data-title=\"Liste\">\n<li>Diabetes Mellitus<\/li>\n<li>Thyroid Diseases<\/li>\n<li>Obesity Treatment<\/li>\n<li>Gastrointestinal Diseases<\/li>\n<li>Rheumatological Diseases<\/li>\n<li>Kidney Diseases<\/li>\n<li>Heart failure<\/li>\n<li>Endocrine Disorders (Hormonal &amp;\u00a0Metabolic\u00a0Disorders)<\/li>\n<\/ul>\n<\/div>\n<\/div>\n<\/div><div class=\"cmsmasters_toggle_wrap\" data-tags=\"all \">\n<div class=\"cmsmasters_toggle_title\">\n<span class=\"cmsmasters_toggle_plus\">\n<span class=\"cmsmasters_toggle_plus_hor\"><\/span>\n<span class=\"cmsmasters_toggle_plus_vert\"><\/span>\n<\/span>\n<a href=\"#\">Specialty Interests<\/a>\n<\/div>\n<div class=\"cmsmasters_toggle\">\n<div class=\"cmsmasters_toggle_inner\">\n<p><\/p>\n<\/div>\n<\/div>\n<\/div><div class=\"cmsmasters_toggle_wrap\" data-tags=\"all \">\n<div class=\"cmsmasters_toggle_title\">\n<span class=\"cmsmasters_toggle_plus\">\n<span class=\"cmsmasters_toggle_plus_hor\"><\/span>\n<span class=\"cmsmasters_toggle_plus_vert\"><\/span>\n<\/span>\n<a href=\"#\">Treatment Methods<\/a>\n<\/div>\n<div class=\"cmsmasters_toggle\">\n<div class=\"cmsmasters_toggle_inner\">\n<p><\/p>\n<\/div>\n<\/div>\n<\/div><div class=\"cmsmasters_toggle_wrap\" data-tags=\"all \">\n<div class=\"cmsmasters_toggle_title\">\n<span class=\"cmsmasters_toggle_plus\">\n<span class=\"cmsmasters_toggle_plus_hor\"><\/span>\n<span class=\"cmsmasters_toggle_plus_vert\"><\/span>\n<\/span>\n<a href=\"#\">Research &amp; Publications<\/a>\n<\/div>\n<div class=\"cmsmasters_toggle\">\n<div class=\"cmsmasters_toggle_inner\">\n<ul id=\"block-3789c44b-6fbd-421b-b3cd-ccf88a04acab\" class=\"block-editor-rich-text__editable block-editor-block-list__block wp-block is-selected rich-text\" role=\"group\" aria-label=\"Blok: Liste\" data-block=\"3789c44b-6fbd-421b-b3cd-ccf88a04acab\" data-type=\"core\/list\" data-title=\"Liste\">\n<li>Babacan Abanonu G, Daskin A, Akdogan F, Uyar S, Demirtunc R. Mean Platelet Volume and \u03b2-Thromboglobulin Levels in Familial Mediterranean Fever: Effect of Colchicine Use? Eur J Intern Med. 2012 Oct; 23 (7): 661-4. doi: 10.1016 \/ j.ejim.2012.04.007. Epub 2012 May 3.<\/li>\n<li>Uyar S, Abanonu GB, Pehlevan SM, Karatoprak C, Menguc MU, Daskin A, Dolu S, Demirtunc R. Elevated beta-thromboglobulin and mean platelet volume levels may show persistent platelet activation in systemic lupus erythematosus patients. Advances in Clinical and Experimental Medicine. 2018; 27 (9): 1279-1283<\/li>\n<li>Uyar S, Babacan Abanonu G, Okuroglu N, Da\u015fk\u0131n A, Demirtun\u00e7 R. Evaluation of thyroid function tests and autoantibodies in patients with rheumatoid arthritis. Haydarpa\u015fa Numune Training and Research Hospital Medical Journal 2014; 54 (2): 125-13<\/li>\n<\/ul>\n<\/div>\n<\/div>\n<\/div><div class=\"cmsmasters_toggle_wrap\" data-tags=\"all \">\n<div class=\"cmsmasters_toggle_title\">\n<span class=\"cmsmasters_toggle_plus\">\n<span class=\"cmsmasters_toggle_plus_hor\"><\/span>\n<span class=\"cmsmasters_toggle_plus_vert\"><\/span>\n<\/span>\n<a href=\"#\">Awards &amp; Honors<\/a>\n<\/div>\n<div class=\"cmsmasters_toggle\">\n<div class=\"cmsmasters_toggle_inner\">\n<p><\/p>\n<\/div>\n<\/div>\n<\/div><div class=\"cmsmasters_toggle_wrap\" data-tags=\"all \">\n<div class=\"cmsmasters_toggle_title\">\n<span class=\"cmsmasters_toggle_plus\">\n<span class=\"cmsmasters_toggle_plus_hor\"><\/span>\n<span class=\"cmsmasters_toggle_plus_vert\"><\/span>\n<\/span>\n<a href=\"#\">Professional Memberships<\/a>\n<\/div>\n<div class=\"cmsmasters_toggle\">\n<div class=\"cmsmasters_toggle_inner\">\n<p>Turkish Internal Medicine Specialists Association<\/p>\n<\/div>\n<\/div>\n<\/div><div class=\"cmsmasters_toggle_wrap\" data-tags=\"all \">\n<div class=\"cmsmasters_toggle_title\">\n<span class=\"cmsmasters_toggle_plus\">\n<span class=\"cmsmasters_toggle_plus_hor\"><\/span>\n<span class=\"cmsmasters_toggle_plus_vert\"><\/span>\n<\/span>\n<a href=\"#\">Certifications<\/a>\n<\/div>\n<div class=\"cmsmasters_toggle\">\n<div class=\"cmsmasters_toggle_inner\">\n<\/div>\n<\/div>\n<\/div><div class=\"cmsmasters_toggle_wrap\" data-tags=\"all \">\n<div class=\"cmsmasters_toggle_title\">\n<span class=\"cmsmasters_toggle_plus\">\n<span class=\"cmsmasters_toggle_plus_hor\"><\/span>\n<span class=\"cmsmasters_toggle_plus_vert\"><\/span>\n<\/span>\n<a href=\"#\">Congresses Attended <\/a>\n<\/div>\n<div class=\"cmsmasters_toggle\">\n<div class=\"cmsmasters_toggle_inner\">\n<ul id=\"block-1d75b771-f52e-42c9-972b-16649ef3e3db\" class=\"block-editor-rich-text__editable block-editor-block-list__block wp-block is-selected rich-text\" role=\"group\" aria-label=\"Blok: Liste\" data-block=\"1d75b771-f52e-42c9-972b-16649ef3e3db\" data-type=\"core\/list\" data-title=\"Liste\">\n<li>2006-2007 National Internal Diseases Congress, Endocrine and Diabetes Congress<\/li>\n<li>2007-2008 National Internal Diseases Congress, Gastroenterohepatology Congress<\/li>\n<li>2008-2009 National Internal Diseases Congress, Geriatrics Course,<\/li>\n<li>2009-2010 National Internal Diseases Congress, Thyroid Ultrasound<\/li>\n<li>Course, Endocrine and Diabetes Congress<\/li>\n<li>2010-2011 National Internal Diseases Congress, Gastroenterohepatology Congress, National Rheumatology Congress<\/li>\n<li>2011-2012 National Internal Diseases Congress, Metabolic Syndrome Congress<\/li>\n<li>2012-2013 National Internal Diseases Congress, Metabolic Syndrome Congress<\/li>\n<li>2013-2014 National Internal Diseases Congress, Metabolic Syndrome Congress<\/li>\n<li>2014-2015 National Internal Diseases Congress, Metabolic Syndrome Congress,<\/li>\n<li>2015-2016 National Internal Diseases Congress, Metabolic Syndrome Congress<\/li>\n<li>2016-2017 National Internal Diseases Congress, Metabolic Syndrome Congress<\/li>\n<li>2017-2018 National Internal Diseases Congress, Metabolic Syndrome Congress<\/li>\n<li>2018-2019 National Internal Diseases Congress, Metabolic Syndrome Congress<\/li>\n<\/ul>\n<\/div>\n<\/div>\n<\/div><\/div>\n<\/div><\/div>\n<\/div>\n<\/div>\n<\/div>\n<\/div>\n<\/div>\n<div id=\"cmsmasters_row_15x6i26ekr\" class=\"cmsmasters_row cmsmasters_color_scheme_default cmsmasters_row_top_default cmsmasters_row_bot_default cmsmasters_row_boxed\">\n<div class=\"cmsmasters_row_outer_parent\">\n<div class=\"cmsmasters_row_outer\">\n<div class=\"cmsmasters_row_inner\">\n<div class=\"cmsmasters_row_margin\">\n<div id=\"cmsmasters_column_iwt2yu4ey\" class=\"cmsmasters_column one_first\">\n<div class=\"cmsmasters_column_inner\"><div id=\"cmsmasters_video_wrap_jok7q4r7d7\" class=\"cmsmasters_video_wrap\">\n<\/div>\n<\/div><\/div>\n<\/div>\n<\/div>\n<\/div>\n<\/div>\n<\/div>\n","protected":false},"excerpt":{"rendered":"","protected":false},"featured_media":129450,"menu_order":2405,"comment_status":"closed","ping_status":"open","template":"","meta":{"footnotes":""},"pl-categs":[7167,162],"class_list":["post-38412","profile","type-profile","status-publish","has-post-thumbnail","hentry","pl-categs-atasehir-hastanesi","pl-categs-ic-hastaliklari-dahiliye"],"yoast_head":"<!-- This site is optimized with the Yoast SEO Premium plugin v27.5 (Yoast SEO v27.5) - https:\/\/yoast.com\/product\/yoast-seo-premium-wordpress\/ -->\n<title>M.D. Alper Daskin | \u041c\u0435\u0436\u0434\u0443\u043d\u0430\u0440\u043e\u0434\u043d\u0430 \u0431\u043e\u043b\u043d\u0438\u0446\u0430 \u0410\u0432\u0438\u0446\u0435\u043d\u0430 | Internal Medicine<\/title>\n<meta name=\"description\" content=\"He was born in Ankara in 1980. he completed his education at Capa Faculty of Medicine. He is working in Avicenna International Avicenna.\" \/>\n<meta name=\"robots\" content=\"index, follow, max-snippet:-1, max-image-preview:large, max-video-preview:-1\" \/>\n<link rel=\"canonical\" href=\"https:\/\/avicennaint.com\/en\/doctor\/alper-daskin\/\" \/>\n<meta property=\"og:locale\" content=\"en_US\" \/>\n<meta property=\"og:type\" content=\"article\" \/>\n<meta property=\"og:title\" content=\"M.D. Alper Daskin\" \/>\n<meta property=\"og:url\" content=\"https:\/\/avicennaint.com\/en\/doctor\/alper-daskin\/\" \/>\n<meta property=\"og:site_name\" content=\"\u041c\u0435\u0436\u0434\u0443\u043d\u0430\u0440\u043e\u0434\u043d\u0430 \u0431\u043e\u043b\u043d\u0438\u0446\u0430 \u0410\u0432\u0438\u0446\u0435\u043d\u0430\" \/>\n<meta property=\"article:publisher\" content=\"https:\/\/www.facebook.com\/avicennaint\" \/>\n<meta property=\"article:modified_time\" content=\"2026-04-28T07:19:21+00:00\" \/>\n<meta property=\"og:image\" content=\"https:\/\/avicennaint.com\/wp-content\/uploads\/2020\/01\/alper-daskin-m-1.webp\" \/>\n\t<meta property=\"og:image:width\" content=\"800\" \/>\n\t<meta property=\"og:image:height\" content=\"450\" \/>\n\t<meta property=\"og:image:type\" content=\"image\/webp\" \/>\n<meta name=\"twitter:card\" content=\"summary_large_image\" \/>\n<meta name=\"twitter:site\" content=\"@avicennaintcom\" \/>\n<meta name=\"twitter:label1\" content=\"Est. reading time\" \/>\n\t<meta name=\"twitter:data1\" content=\"4 minutes\" \/>\n<script type=\"application\/ld+json\" class=\"yoast-schema-graph\">{\"@context\":\"https:\\\/\\\/schema.org\",\"@graph\":[{\"@type\":[\"WebPage\",\"ProfilePage\"],\"@id\":\"https:\\\/\\\/avicennaint.com\\\/en\\\/doctor\\\/alper-daskin\\\/\",\"url\":\"https:\\\/\\\/avicennaint.com\\\/en\\\/doctor\\\/alper-daskin\\\/\",\"name\":\"M.D. Alper Daskin | \u041c\u0435\u0436\u0434\u0443\u043d\u0430\u0440\u043e\u0434\u043d\u0430 \u0431\u043e\u043b\u043d\u0438\u0446\u0430 \u0410\u0432\u0438\u0446\u0435\u043d\u0430 | Internal Medicine\",\"isPartOf\":{\"@id\":\"https:\\\/\\\/avicennaint.com\\\/en\\\/#website\"},\"primaryImageOfPage\":{\"@id\":\"https:\\\/\\\/avicennaint.com\\\/en\\\/doctor\\\/alper-daskin\\\/#primaryimage\"},\"image\":{\"@id\":\"https:\\\/\\\/avicennaint.com\\\/en\\\/doctor\\\/alper-daskin\\\/#primaryimage\"},\"thumbnailUrl\":\"https:\\\/\\\/avicennaint.com\\\/wp-content\\\/uploads\\\/2020\\\/01\\\/alper-daskin-m-1.webp\",\"datePublished\":\"2021-05-24T06:38:10+00:00\",\"dateModified\":\"2026-04-28T07:19:21+00:00\",\"description\":\"He was born in Ankara in 1980. he completed his education at Capa Faculty of Medicine. He is working in Avicenna International Avicenna.\",\"breadcrumb\":{\"@id\":\"https:\\\/\\\/avicennaint.com\\\/en\\\/doctor\\\/alper-daskin\\\/#breadcrumb\"},\"inLanguage\":\"en-US\",\"potentialAction\":[{\"@type\":\"ReadAction\",\"target\":[\"https:\\\/\\\/avicennaint.com\\\/en\\\/doctor\\\/alper-daskin\\\/\"]}]},{\"@type\":\"ImageObject\",\"inLanguage\":\"en-US\",\"@id\":\"https:\\\/\\\/avicennaint.com\\\/en\\\/doctor\\\/alper-daskin\\\/#primaryimage\",\"url\":\"https:\\\/\\\/avicennaint.com\\\/wp-content\\\/uploads\\\/2020\\\/01\\\/alper-daskin-m-1.webp\",\"contentUrl\":\"https:\\\/\\\/avicennaint.com\\\/wp-content\\\/uploads\\\/2020\\\/01\\\/alper-daskin-m-1.webp\",\"width\":800,\"height\":450,\"caption\":\"Uzman Doktor Alper Da\u015fk\u0131n\"},{\"@type\":\"BreadcrumbList\",\"@id\":\"https:\\\/\\\/avicennaint.com\\\/en\\\/doctor\\\/alper-daskin\\\/#breadcrumb\",\"itemListElement\":[{\"@type\":\"ListItem\",\"position\":1,\"name\":\"Home\",\"item\":\"https:\\\/\\\/avicennaint.com\\\/en\\\/\"},{\"@type\":\"ListItem\",\"position\":2,\"name\":\"Profiles\",\"item\":\"https:\\\/\\\/avicennaint.com\\\/en\\\/doctor\\\/\"},{\"@type\":\"ListItem\",\"position\":3,\"name\":\"M.D. Alper Daskin\"}]},{\"@type\":\"WebSite\",\"@id\":\"https:\\\/\\\/avicennaint.com\\\/en\\\/#website\",\"url\":\"https:\\\/\\\/avicennaint.com\\\/en\\\/\",\"name\":\"Avicenna Hastanesi\",\"description\":\"Avicenna Atasehir International Hospital\",\"publisher\":{\"@id\":\"https:\\\/\\\/avicennaint.com\\\/en\\\/#organization\"},\"alternateName\":\"Avicenna\",\"potentialAction\":[{\"@type\":\"SearchAction\",\"target\":{\"@type\":\"EntryPoint\",\"urlTemplate\":\"https:\\\/\\\/avicennaint.com\\\/en\\\/?s={search_term_string}\"},\"query-input\":{\"@type\":\"PropertyValueSpecification\",\"valueRequired\":true,\"valueName\":\"search_term_string\"}}],\"inLanguage\":\"en-US\"},{\"@type\":\"Organization\",\"@id\":\"https:\\\/\\\/avicennaint.com\\\/en\\\/#organization\",\"name\":\"Avicenna Hastanesi\",\"alternateName\":\"Avicenna Hospital\",\"url\":\"https:\\\/\\\/avicennaint.com\\\/en\\\/\",\"logo\":{\"@type\":\"ImageObject\",\"inLanguage\":\"en-US\",\"@id\":\"https:\\\/\\\/avicennaint.com\\\/en\\\/#\\\/schema\\\/logo\\\/image\\\/\",\"url\":\"https:\\\/\\\/avicennaint.com\\\/wp-content\\\/uploads\\\/2021\\\/04\\\/avicenna-logo-kare-blog.jpg\",\"contentUrl\":\"https:\\\/\\\/avicennaint.com\\\/wp-content\\\/uploads\\\/2021\\\/04\\\/avicenna-logo-kare-blog.jpg\",\"width\":800,\"height\":450,\"caption\":\"Avicenna Hastanesi\"},\"image\":{\"@id\":\"https:\\\/\\\/avicennaint.com\\\/en\\\/#\\\/schema\\\/logo\\\/image\\\/\"},\"sameAs\":[\"https:\\\/\\\/www.facebook.com\\\/avicennaint\",\"https:\\\/\\\/x.com\\\/avicennaintcom\",\"https:\\\/\\\/mastodon.social\\\/@avicenna\",\"https:\\\/\\\/www.instagram.com\\\/avicennahastanesi\\\/\",\"https:\\\/\\\/www.linkedin.com\\\/company\\\/avicennahastanesi\\\/\",\"https:\\\/\\\/www.youtube.com\\\/@avicennaint\\\/\",\"https:\\\/\\\/www.instagram.com\\\/avicennaint\\\/\"],\"mainEntityOfPage\":{\"@id\":\"https:\\\/\\\/avicennaint.com\\\/en\\\/doctor\\\/alper-daskin\\\/\"}}]}<\/script>\n<!-- \/ Yoast SEO Premium plugin. -->","yoast_head_json":{"title":"M.D. Alper Daskin | \u041c\u0435\u0436\u0434\u0443\u043d\u0430\u0440\u043e\u0434\u043d\u0430 \u0431\u043e\u043b\u043d\u0438\u0446\u0430 \u0410\u0432\u0438\u0446\u0435\u043d\u0430 | Internal Medicine","description":"He was born in Ankara in 1980. he completed his education at Capa Faculty of Medicine. He is working in Avicenna International Avicenna.","robots":{"index":"index","follow":"follow","max-snippet":"max-snippet:-1","max-image-preview":"max-image-preview:large","max-video-preview":"max-video-preview:-1"},"canonical":"https:\/\/avicennaint.com\/en\/doctor\/alper-daskin\/","og_locale":"en_US","og_type":"article","og_title":"M.D. Alper Daskin","og_url":"https:\/\/avicennaint.com\/en\/doctor\/alper-daskin\/","og_site_name":"\u041c\u0435\u0436\u0434\u0443\u043d\u0430\u0440\u043e\u0434\u043d\u0430 \u0431\u043e\u043b\u043d\u0438\u0446\u0430 \u0410\u0432\u0438\u0446\u0435\u043d\u0430","article_publisher":"https:\/\/www.facebook.com\/avicennaint","article_modified_time":"2026-04-28T07:19:21+00:00","og_image":[{"width":800,"height":450,"url":"https:\/\/avicennaint.com\/wp-content\/uploads\/2020\/01\/alper-daskin-m-1.webp","type":"image\/webp"}],"twitter_card":"summary_large_image","twitter_site":"@avicennaintcom","twitter_misc":{"Est. reading time":"4 minutes"},"schema":{"@context":"https:\/\/schema.org","@graph":[{"@type":["WebPage","ProfilePage"],"@id":"https:\/\/avicennaint.com\/en\/doctor\/alper-daskin\/","url":"https:\/\/avicennaint.com\/en\/doctor\/alper-daskin\/","name":"M.D. Alper Daskin | \u041c\u0435\u0436\u0434\u0443\u043d\u0430\u0440\u043e\u0434\u043d\u0430 \u0431\u043e\u043b\u043d\u0438\u0446\u0430 \u0410\u0432\u0438\u0446\u0435\u043d\u0430 | Internal Medicine","isPartOf":{"@id":"https:\/\/avicennaint.com\/en\/#website"},"primaryImageOfPage":{"@id":"https:\/\/avicennaint.com\/en\/doctor\/alper-daskin\/#primaryimage"},"image":{"@id":"https:\/\/avicennaint.com\/en\/doctor\/alper-daskin\/#primaryimage"},"thumbnailUrl":"https:\/\/avicennaint.com\/wp-content\/uploads\/2020\/01\/alper-daskin-m-1.webp","datePublished":"2021-05-24T06:38:10+00:00","dateModified":"2026-04-28T07:19:21+00:00","description":"He was born in Ankara in 1980. he completed his education at Capa Faculty of Medicine. He is working in Avicenna International Avicenna.","breadcrumb":{"@id":"https:\/\/avicennaint.com\/en\/doctor\/alper-daskin\/#breadcrumb"},"inLanguage":"en-US","potentialAction":[{"@type":"ReadAction","target":["https:\/\/avicennaint.com\/en\/doctor\/alper-daskin\/"]}]},{"@type":"ImageObject","inLanguage":"en-US","@id":"https:\/\/avicennaint.com\/en\/doctor\/alper-daskin\/#primaryimage","url":"https:\/\/avicennaint.com\/wp-content\/uploads\/2020\/01\/alper-daskin-m-1.webp","contentUrl":"https:\/\/avicennaint.com\/wp-content\/uploads\/2020\/01\/alper-daskin-m-1.webp","width":800,"height":450,"caption":"Uzman Doktor Alper Da\u015fk\u0131n"},{"@type":"BreadcrumbList","@id":"https:\/\/avicennaint.com\/en\/doctor\/alper-daskin\/#breadcrumb","itemListElement":[{"@type":"ListItem","position":1,"name":"Home","item":"https:\/\/avicennaint.com\/en\/"},{"@type":"ListItem","position":2,"name":"Profiles","item":"https:\/\/avicennaint.com\/en\/doctor\/"},{"@type":"ListItem","position":3,"name":"M.D. Alper Daskin"}]},{"@type":"WebSite","@id":"https:\/\/avicennaint.com\/en\/#website","url":"https:\/\/avicennaint.com\/en\/","name":"Avicenna Hastanesi","description":"Avicenna Atasehir International Hospital","publisher":{"@id":"https:\/\/avicennaint.com\/en\/#organization"},"alternateName":"Avicenna","potentialAction":[{"@type":"SearchAction","target":{"@type":"EntryPoint","urlTemplate":"https:\/\/avicennaint.com\/en\/?s={search_term_string}"},"query-input":{"@type":"PropertyValueSpecification","valueRequired":true,"valueName":"search_term_string"}}],"inLanguage":"en-US"},{"@type":"Organization","@id":"https:\/\/avicennaint.com\/en\/#organization","name":"Avicenna Hastanesi","alternateName":"Avicenna Hospital","url":"https:\/\/avicennaint.com\/en\/","logo":{"@type":"ImageObject","inLanguage":"en-US","@id":"https:\/\/avicennaint.com\/en\/#\/schema\/logo\/image\/","url":"https:\/\/avicennaint.com\/wp-content\/uploads\/2021\/04\/avicenna-logo-kare-blog.jpg","contentUrl":"https:\/\/avicennaint.com\/wp-content\/uploads\/2021\/04\/avicenna-logo-kare-blog.jpg","width":800,"height":450,"caption":"Avicenna Hastanesi"},"image":{"@id":"https:\/\/avicennaint.com\/en\/#\/schema\/logo\/image\/"},"sameAs":["https:\/\/www.facebook.com\/avicennaint","https:\/\/x.com\/avicennaintcom","https:\/\/mastodon.social\/@avicenna","https:\/\/www.instagram.com\/avicennahastanesi\/","https:\/\/www.linkedin.com\/company\/avicennahastanesi\/","https:\/\/www.youtube.com\/@avicennaint\/","https:\/\/www.instagram.com\/avicennaint\/"],"mainEntityOfPage":{"@id":"https:\/\/avicennaint.com\/en\/doctor\/alper-daskin\/"}}]}},"_links":{"self":[{"href":"https:\/\/avicennaint.com\/en\/wp-json\/wp\/v2\/profile\/38412","targetHints":{"allow":["GET"]}}],"collection":[{"href":"https:\/\/avicennaint.com\/en\/wp-json\/wp\/v2\/profile"}],"about":[{"href":"https:\/\/avicennaint.com\/en\/wp-json\/wp\/v2\/types\/profile"}],"replies":[{"embeddable":true,"href":"https:\/\/avicennaint.com\/en\/wp-json\/wp\/v2\/comments?post=38412"}],"version-history":[{"count":0,"href":"https:\/\/avicennaint.com\/en\/wp-json\/wp\/v2\/profile\/38412\/revisions"}],"wp:featuredmedia":[{"embeddable":true,"href":"https:\/\/avicennaint.com\/en\/wp-json\/wp\/v2\/media\/129450"}],"wp:attachment":[{"href":"https:\/\/avicennaint.com\/en\/wp-json\/wp\/v2\/media?parent=38412"}],"wp:term":[{"taxonomy":"pl-categs","embeddable":true,"href":"https:\/\/avicennaint.com\/en\/wp-json\/wp\/v2\/pl-categs?post=38412"}],"curies":[{"name":"wp","href":"https:\/\/api.w.org\/{rel}","templated":true}]}}